{"id":999,"date":"2012-11-30T09:37:23","date_gmt":"2012-11-30T09:37:23","guid":{"rendered":"http:\/\/meteor-institut.ch\/website\/?page_id=999"},"modified":"2016-01-06T19:30:45","modified_gmt":"2016-01-06T19:30:45","slug":"splash","status":"publish","type":"page","link":"http:\/\/meteor-institut.ch\/website\/splash\/","title":{"rendered":"Splash"},"content":{"rendered":"<h3><span style=\"color: #ff6600;\"><strong>Splash. Informationen f\u00fcr Studierende in Pocket Form.<\/strong><\/span><\/h3>\n<p>&nbsp;<\/p>\n<p>Zitronenspritzer? Ja, du hast richtig gelesen. Mit Felix Murbach Marketing erh\u00e4ltst du das n\u00f6tige R\u00fcstzeug f\u00fcr deine berufliche Weiterbildung und Karriereplanung. Dazu geh\u00f6rt auch eine individuelle und innovative Gestaltung der Kurse und Seminare. Die Studierenden erhalten mit &#8222;Splash&#8220; die wichtigsten Informationen, Schaubilder oder Fotos des vergangenen Unterrichtes in Pocketform. Und genau diesen Moment, diese bleibende Erinnerung, dieser Zitronenspritzer im Auge ist der Lemon Splash: <span style=\"color: #ff6600;\"><a href=\"http:\/\/www.murba.ch\/zitronenspritzer\/\" target=\"_blank\"><span style=\"color: #ff6600;\"><strong>das was bleibt<\/strong><\/span><\/a><\/span>.<\/p>\n<p>&nbsp;<\/p>\n<p>&nbsp;<\/p>\n<p><a href=\"http:\/\/meteor-institut.ch\/website\/wp-content\/uploads\/2012\/11\/Splash-22.11.2012.png\"><img loading=\"lazy\" class=\"alignleft size-medium wp-image-1012\" title=\"Splash 22.11.2012\" alt=\"\" src=\"http:\/\/meteor-institut.ch\/website\/wp-content\/uploads\/2012\/11\/Splash-22.11.2012-249x300.png\" width=\"249\" height=\"300\" srcset=\"http:\/\/meteor-institut.ch\/website\/wp-content\/uploads\/2012\/11\/Splash-22.11.2012-249x300.png 249w, http:\/\/meteor-institut.ch\/website\/wp-content\/uploads\/2012\/11\/Splash-22.11.2012.png 718w\" sizes=\"(max-width: 249px) 100vw, 249px\" \/><\/a><a href=\"http:\/\/meteor-institut.ch\/website\/wp-content\/uploads\/2012\/11\/Splash-28.11.2012.png\"><img loading=\"lazy\" class=\"alignleft  wp-image-1007\" title=\"Splash 28.11.2012\" alt=\"\" src=\"http:\/\/meteor-institut.ch\/website\/wp-content\/uploads\/2012\/11\/Splash-28.11.2012-249x300.png\" width=\"249\" height=\"300\" srcset=\"http:\/\/meteor-institut.ch\/website\/wp-content\/uploads\/2012\/11\/Splash-28.11.2012-249x300.png 249w, http:\/\/meteor-institut.ch\/website\/wp-content\/uploads\/2012\/11\/Splash-28.11.2012.png 718w\" sizes=\"(max-width: 249px) 100vw, 249px\" \/><\/a><a href=\"http:\/\/meteor-institut.ch\/website\/wp-content\/uploads\/2012\/11\/Splash-29.11.2012.png\"><img loading=\"lazy\" class=\"alignleft size-medium wp-image-1016\" title=\"Splash 29.11.2012\" alt=\"\" src=\"http:\/\/meteor-institut.ch\/website\/wp-content\/uploads\/2012\/11\/Splash-29.11.2012-249x300.png\" width=\"249\" height=\"300\" srcset=\"http:\/\/meteor-institut.ch\/website\/wp-content\/uploads\/2012\/11\/Splash-29.11.2012-249x300.png 249w, http:\/\/meteor-institut.ch\/website\/wp-content\/uploads\/2012\/11\/Splash-29.11.2012.png 718w\" sizes=\"(max-width: 249px) 100vw, 249px\" \/><\/a><a href=\"http:\/\/meteor-institut.ch\/website\/wp-content\/uploads\/2012\/11\/Splash-20.11.2012.png\"><img loading=\"lazy\" class=\"alignleft size-medium wp-image-1027\" title=\"Splash 20.11.2012\" alt=\"\" src=\"http:\/\/meteor-institut.ch\/website\/wp-content\/uploads\/2012\/11\/Splash-20.11.2012-249x300.png\" width=\"249\" height=\"300\" srcset=\"http:\/\/meteor-institut.ch\/website\/wp-content\/uploads\/2012\/11\/Splash-20.11.2012-249x300.png 249w, http:\/\/meteor-institut.ch\/website\/wp-content\/uploads\/2012\/11\/Splash-20.11.2012.png 718w\" sizes=\"(max-width: 249px) 100vw, 249px\" \/><\/a><a href=\"http:\/\/meteor-institut.ch\/website\/wp-content\/uploads\/2012\/11\/Splash-21.11.2012.png\"><img loading=\"lazy\" class=\"alignleft size-medium wp-image-1031\" title=\"Splash 21.11.2012\" alt=\"\" src=\"http:\/\/meteor-institut.ch\/website\/wp-content\/uploads\/2012\/11\/Splash-21.11.2012-249x300.png\" width=\"249\" height=\"300\" srcset=\"http:\/\/meteor-institut.ch\/website\/wp-content\/uploads\/2012\/11\/Splash-21.11.2012-249x300.png 249w, http:\/\/meteor-institut.ch\/website\/wp-content\/uploads\/2012\/11\/Splash-21.11.2012.png 718w\" sizes=\"(max-width: 249px) 100vw, 249px\" \/><\/a><a href=\"http:\/\/meteor-institut.ch\/website\/wp-content\/uploads\/2012\/11\/Splash-29.11.20121.png\"><img loading=\"lazy\" class=\"size-medium wp-image-1042 alignleft\" title=\"Splash 29.11.2012\" alt=\"\" src=\"http:\/\/meteor-institut.ch\/website\/wp-content\/uploads\/2012\/11\/Splash-29.11.20121-249x300.png\" width=\"249\" height=\"300\" srcset=\"http:\/\/meteor-institut.ch\/website\/wp-content\/uploads\/2012\/11\/Splash-29.11.20121-249x300.png 249w, http:\/\/meteor-institut.ch\/website\/wp-content\/uploads\/2012\/11\/Splash-29.11.20121.png 718w\" sizes=\"(max-width: 249px) 100vw, 249px\" \/><\/a><\/p>\n<p>&nbsp;<\/p>\n<p>&nbsp;<\/p>\n<p>&nbsp;<\/p>\n<p>&nbsp;<\/p>\n<p>&nbsp;<\/p>\n<p>&nbsp;<\/p>\n<p>&nbsp;<\/p>\n<p>&nbsp;<\/p>\n<p>&nbsp;<\/p>\n<p><a href=\"http:\/\/meteor-institut.ch\/website\/wp-content\/uploads\/2012\/11\/Splash-Fall-B.png\"><img loading=\"lazy\" class=\"alignleft size-medium wp-image-1104\" title=\"Splash Fall B\" alt=\"\" src=\"http:\/\/meteor-institut.ch\/website\/wp-content\/uploads\/2012\/11\/Splash-Fall-B-249x300.png\" width=\"249\" height=\"300\" srcset=\"http:\/\/meteor-institut.ch\/website\/wp-content\/uploads\/2012\/11\/Splash-Fall-B-249x300.png 249w, http:\/\/meteor-institut.ch\/website\/wp-content\/uploads\/2012\/11\/Splash-Fall-B.png 718w\" sizes=\"(max-width: 249px) 100vw, 249px\" \/><\/a><a href=\"http:\/\/meteor-institut.ch\/website\/wp-content\/uploads\/2012\/11\/Splash-IK.png\"><img loading=\"lazy\" class=\"alignleft size-medium wp-image-1118\" title=\"Splash IK\" alt=\"\" src=\"http:\/\/meteor-institut.ch\/website\/wp-content\/uploads\/2012\/11\/Splash-IK-249x300.png\" width=\"249\" height=\"300\" srcset=\"http:\/\/meteor-institut.ch\/website\/wp-content\/uploads\/2012\/11\/Splash-IK-249x300.png 249w, http:\/\/meteor-institut.ch\/website\/wp-content\/uploads\/2012\/11\/Splash-IK.png 718w\" sizes=\"(max-width: 249px) 100vw, 249px\" \/><\/a> <a href=\"http:\/\/meteor-institut.ch\/website\/wp-content\/uploads\/2012\/11\/Splash-4.12.2012.png\"><img loading=\"lazy\" class=\"alignleft size-medium wp-image-1107\" title=\"Splash 4.12.2012\" alt=\"\" src=\"http:\/\/meteor-institut.ch\/website\/wp-content\/uploads\/2012\/11\/Splash-4.12.2012-249x300.png\" width=\"249\" height=\"300\" srcset=\"http:\/\/meteor-institut.ch\/website\/wp-content\/uploads\/2012\/11\/Splash-4.12.2012-249x300.png 249w, http:\/\/meteor-institut.ch\/website\/wp-content\/uploads\/2012\/11\/Splash-4.12.2012.png 718w\" sizes=\"(max-width: 249px) 100vw, 249px\" \/><\/a><a href=\"http:\/\/meteor-institut.ch\/website\/wp-content\/uploads\/2012\/11\/Splash-6.12.2012.png\"><img loading=\"lazy\" class=\"alignleft size-medium wp-image-1135\" title=\"Splash 6.12.2012\" alt=\"\" src=\"http:\/\/meteor-institut.ch\/website\/wp-content\/uploads\/2012\/11\/Splash-6.12.2012-249x300.png\" width=\"249\" height=\"300\" srcset=\"http:\/\/meteor-institut.ch\/website\/wp-content\/uploads\/2012\/11\/Splash-6.12.2012-249x300.png 249w, http:\/\/meteor-institut.ch\/website\/wp-content\/uploads\/2012\/11\/Splash-6.12.2012.png 718w\" sizes=\"(max-width: 249px) 100vw, 249px\" \/><\/a><\/p>\n<p>&nbsp;<\/p>\n<p>&nbsp;<\/p>\n<p>&nbsp;<\/p>\n<p>&nbsp;<\/p>\n<p>&nbsp;<\/p>\n<p>&nbsp;<\/p>\n<p>&nbsp;<\/p>\n<p>&nbsp;<\/p>\n<p>&nbsp;<\/p>\n<p><a href=\"http:\/\/meteor-institut.ch\/website\/wp-content\/uploads\/2012\/11\/Splash-11.12.2012.png\"><img loading=\"lazy\" class=\"alignleft size-medium wp-image-1145\" title=\"Splash 11.12.2012\" alt=\"\" src=\"http:\/\/meteor-institut.ch\/website\/wp-content\/uploads\/2012\/11\/Splash-11.12.2012-249x300.png\" width=\"249\" height=\"300\" srcset=\"http:\/\/meteor-institut.ch\/website\/wp-content\/uploads\/2012\/11\/Splash-11.12.2012-249x300.png 249w, http:\/\/meteor-institut.ch\/website\/wp-content\/uploads\/2012\/11\/Splash-11.12.2012.png 718w\" sizes=\"(max-width: 249px) 100vw, 249px\" \/><\/a><\/p>\n<p><a href=\"http:\/\/meteor-institut.ch\/website\/splash\/attachment\/splash-20-12-2012\/\" rel=\"attachment wp-att-1154\"><img loading=\"lazy\" class=\"alignleft size-medium wp-image-1154\" alt=\"Splash 20.12.2012\" src=\"http:\/\/meteor-institut.ch\/website\/wp-content\/uploads\/2012\/11\/Splash-20.12.2012-249x300.png\" width=\"249\" height=\"300\" srcset=\"http:\/\/meteor-institut.ch\/website\/wp-content\/uploads\/2012\/11\/Splash-20.12.2012-249x300.png 249w, http:\/\/meteor-institut.ch\/website\/wp-content\/uploads\/2012\/11\/Splash-20.12.2012.png 718w\" sizes=\"(max-width: 249px) 100vw, 249px\" \/><\/a><a href=\"http:\/\/meteor-institut.ch\/website\/splash\/attachment\/splash-10-01-2013\/\" rel=\"attachment wp-att-1173\"><img loading=\"lazy\" class=\"alignleft size-medium wp-image-1173\" alt=\"Splash 10.01.2013\" src=\"http:\/\/meteor-institut.ch\/website\/wp-content\/uploads\/2012\/11\/Splash-10.01.2013-249x300.png\" width=\"249\" height=\"300\" srcset=\"http:\/\/meteor-institut.ch\/website\/wp-content\/uploads\/2012\/11\/Splash-10.01.2013-249x300.png 249w, http:\/\/meteor-institut.ch\/website\/wp-content\/uploads\/2012\/11\/Splash-10.01.2013.png 718w\" sizes=\"(max-width: 249px) 100vw, 249px\" \/><\/a> <a href=\"http:\/\/www.facebook.com\/groups\/383098408386406\/\" rel=\"attachment wp-att-1194\"><img loading=\"lazy\" class=\"alignleft size-medium wp-image-1194\" alt=\"Splash 12.01.2013 Fall C\" src=\"http:\/\/meteor-institut.ch\/website\/wp-content\/uploads\/2012\/11\/Splash-12.01.2013-Fall-C-249x300.png\" width=\"249\" height=\"300\" srcset=\"http:\/\/meteor-institut.ch\/website\/wp-content\/uploads\/2012\/11\/Splash-12.01.2013-Fall-C-249x300.png 249w, http:\/\/meteor-institut.ch\/website\/wp-content\/uploads\/2012\/11\/Splash-12.01.2013-Fall-C.png 718w\" sizes=\"(max-width: 249px) 100vw, 249px\" \/><\/a><a href=\"http:\/\/meteor-institut.ch\/website\/splash\/attachment\/splash-22-01-2013\/\" rel=\"attachment wp-att-1221\"><img loading=\"lazy\" class=\"alignleft size-medium wp-image-1221\" alt=\"Splash 22.01.2013\" src=\"http:\/\/meteor-institut.ch\/website\/wp-content\/uploads\/2012\/11\/Splash-22.01.2013-249x300.png\" width=\"249\" height=\"300\" srcset=\"http:\/\/meteor-institut.ch\/website\/wp-content\/uploads\/2012\/11\/Splash-22.01.2013-249x300.png 249w, http:\/\/meteor-institut.ch\/website\/wp-content\/uploads\/2012\/11\/Splash-22.01.2013.png 718w\" sizes=\"(max-width: 249px) 100vw, 249px\" \/><\/a><\/p>\n<p>&nbsp;<\/p>\n<p>&nbsp;<\/p>\n<p>&nbsp;<\/p>\n<p>&nbsp;<\/p>\n<p>&nbsp;<\/p>\n<p>&nbsp;<\/p>\n<p>&nbsp;<\/p>\n<p>&nbsp;<\/p>\n<p>&nbsp;<\/p>\n<p><a href=\"http:\/\/meteor-institut.ch\/website\/splash\/attachment\/splash-22-01-2013-2\/\" rel=\"attachment wp-att-1222\"><img loading=\"lazy\" class=\"alignleft size-medium wp-image-1222\" alt=\"Splash 22.01.2013\" src=\"http:\/\/meteor-institut.ch\/website\/wp-content\/uploads\/2012\/11\/Splash-22.01.20131-249x300.png\" width=\"249\" height=\"300\" srcset=\"http:\/\/meteor-institut.ch\/website\/wp-content\/uploads\/2012\/11\/Splash-22.01.20131-249x300.png 249w, http:\/\/meteor-institut.ch\/website\/wp-content\/uploads\/2012\/11\/Splash-22.01.20131.png 718w\" sizes=\"(max-width: 249px) 100vw, 249px\" \/><\/a> <a href=\"http:\/\/meteor-institut.ch\/website\/splash\/attachment\/splash-24-01-2013\/\" rel=\"attachment wp-att-1232\"><img loading=\"lazy\" class=\"alignleft size-medium wp-image-1232\" alt=\"Splash 24.01.2013\" src=\"http:\/\/meteor-institut.ch\/website\/wp-content\/uploads\/2012\/11\/Splash-24.01.2013-249x300.png\" width=\"249\" height=\"300\" srcset=\"http:\/\/meteor-institut.ch\/website\/wp-content\/uploads\/2012\/11\/Splash-24.01.2013-249x300.png 249w, http:\/\/meteor-institut.ch\/website\/wp-content\/uploads\/2012\/11\/Splash-24.01.2013.png 718w\" sizes=\"(max-width: 249px) 100vw, 249px\" \/><\/a> <a href=\"http:\/\/meteor-institut.ch\/website\/splash\/attachment\/splash-28-02-2013\/\" rel=\"attachment wp-att-1319\"><img loading=\"lazy\" class=\"alignleft size-medium wp-image-1319\" alt=\"Splash 28.02.2013\" src=\"http:\/\/meteor-institut.ch\/website\/wp-content\/uploads\/2012\/11\/Splash-28.02.2013-249x300.png\" width=\"249\" height=\"300\" srcset=\"http:\/\/meteor-institut.ch\/website\/wp-content\/uploads\/2012\/11\/Splash-28.02.2013-249x300.png 249w, http:\/\/meteor-institut.ch\/website\/wp-content\/uploads\/2012\/11\/Splash-28.02.2013.png 718w\" sizes=\"(max-width: 249px) 100vw, 249px\" \/><\/a><a href=\"http:\/\/meteor-institut.ch\/website\/splash\/attachment\/splash-5-3-2013\/\" rel=\"attachment wp-att-1324\"><img loading=\"lazy\" class=\"alignleft size-medium wp-image-1324\" alt=\"Splash 5.3.2013\" src=\"http:\/\/meteor-institut.ch\/website\/wp-content\/uploads\/2012\/11\/Splash-5.3.2013-249x300.jpg\" width=\"249\" height=\"300\" srcset=\"http:\/\/meteor-institut.ch\/website\/wp-content\/uploads\/2012\/11\/Splash-5.3.2013-249x300.jpg 249w, http:\/\/meteor-institut.ch\/website\/wp-content\/uploads\/2012\/11\/Splash-5.3.2013.jpg 718w\" sizes=\"(max-width: 249px) 100vw, 249px\" \/><\/a><a href=\"http:\/\/meteor-institut.ch\/website\/splash\/attachment\/splash-5-3-2013-2\/\" rel=\"attachment wp-att-1325\"><img loading=\"lazy\" class=\"alignleft size-medium wp-image-1325\" alt=\"Splash - 5.3.2013\" src=\"http:\/\/meteor-institut.ch\/website\/wp-content\/uploads\/2012\/11\/Splash-5.3.20131-249x300.jpg\" width=\"249\" height=\"300\" srcset=\"http:\/\/meteor-institut.ch\/website\/wp-content\/uploads\/2012\/11\/Splash-5.3.20131-249x300.jpg 249w, http:\/\/meteor-institut.ch\/website\/wp-content\/uploads\/2012\/11\/Splash-5.3.20131.jpg 718w\" sizes=\"(max-width: 249px) 100vw, 249px\" \/><\/a><\/p>\n<p>&nbsp;<\/p>\n<p>&nbsp;<\/p>\n<p>&nbsp;<\/p>\n<p>&nbsp;<\/p>\n<p>&nbsp;<\/p>\n<p>&nbsp;<\/p>\n<p>&nbsp;<\/p>\n<p>&nbsp;<\/p>\n<p>&nbsp;<\/p>\n<p><a href=\"http:\/\/meteor-institut.ch\/website\/splash\/attachment\/splash-9-03-13\/\" rel=\"attachment wp-att-1327\"><img loading=\"lazy\" class=\"alignleft size-medium wp-image-1327\" alt=\"Splash 9.03.13\" src=\"http:\/\/meteor-institut.ch\/website\/wp-content\/uploads\/2012\/11\/Splash-9.03.13-249x300.jpg\" width=\"249\" height=\"300\" srcset=\"http:\/\/meteor-institut.ch\/website\/wp-content\/uploads\/2012\/11\/Splash-9.03.13-249x300.jpg 249w, http:\/\/meteor-institut.ch\/website\/wp-content\/uploads\/2012\/11\/Splash-9.03.13.jpg 718w\" sizes=\"(max-width: 249px) 100vw, 249px\" \/><\/a><a href=\"http:\/\/meteor-institut.ch\/website\/splash\/attachment\/splash-12-3-2013\/\" rel=\"attachment wp-att-1328\"><img loading=\"lazy\" class=\"alignleft size-medium wp-image-1328\" alt=\"Splash 12.3.2013\" src=\"http:\/\/meteor-institut.ch\/website\/wp-content\/uploads\/2012\/11\/Splash-12.3.2013-249x300.jpg\" width=\"249\" height=\"300\" srcset=\"http:\/\/meteor-institut.ch\/website\/wp-content\/uploads\/2012\/11\/Splash-12.3.2013-249x300.jpg 249w, http:\/\/meteor-institut.ch\/website\/wp-content\/uploads\/2012\/11\/Splash-12.3.2013.jpg 718w\" sizes=\"(max-width: 249px) 100vw, 249px\" \/><\/a><a href=\"http:\/\/meteor-institut.ch\/website\/splash\/attachment\/splash-26-3-2013\/\" rel=\"attachment wp-att-1341\"><img loading=\"lazy\" class=\"alignleft size-medium wp-image-1341\" alt=\"Splash - 26.3.2013\" src=\"http:\/\/meteor-institut.ch\/website\/wp-content\/uploads\/2012\/11\/Splash-26.3.2013-249x300.jpg\" width=\"249\" height=\"300\" srcset=\"http:\/\/meteor-institut.ch\/website\/wp-content\/uploads\/2012\/11\/Splash-26.3.2013-249x300.jpg 249w, http:\/\/meteor-institut.ch\/website\/wp-content\/uploads\/2012\/11\/Splash-26.3.2013.jpg 718w\" sizes=\"(max-width: 249px) 100vw, 249px\" \/><\/a><a href=\"http:\/\/meteor-institut.ch\/website\/splash\/attachment\/splash-4-04-2013\/\" rel=\"attachment wp-att-1344\"><img loading=\"lazy\" class=\"alignleft size-medium wp-image-1344\" alt=\"Splash 4.04.2013\" src=\"http:\/\/meteor-institut.ch\/website\/wp-content\/uploads\/2012\/11\/Splash-4.04.2013-249x300.jpg\" width=\"249\" height=\"300\" srcset=\"http:\/\/meteor-institut.ch\/website\/wp-content\/uploads\/2012\/11\/Splash-4.04.2013-249x300.jpg 249w, http:\/\/meteor-institut.ch\/website\/wp-content\/uploads\/2012\/11\/Splash-4.04.2013.jpg 718w\" sizes=\"(max-width: 249px) 100vw, 249px\" \/><\/a><\/p>\n<p><a href=\"http:\/\/meteor-institut.ch\/website\/splash\/attachment\/splash-30-05-2013\/\" rel=\"attachment wp-att-1429\"><img loading=\"lazy\" class=\"size-medium wp-image-1429 alignleft\" alt=\"Splash 30.05.2013\" src=\"http:\/\/meteor-institut.ch\/website\/wp-content\/uploads\/2012\/11\/Splash-30.05.2013-249x300.jpg\" width=\"249\" height=\"300\" srcset=\"http:\/\/meteor-institut.ch\/website\/wp-content\/uploads\/2012\/11\/Splash-30.05.2013-249x300.jpg 249w, http:\/\/meteor-institut.ch\/website\/wp-content\/uploads\/2012\/11\/Splash-30.05.2013.jpg 718w\" sizes=\"(max-width: 249px) 100vw, 249px\" \/><\/a><\/p>\n<p><a href=\"http:\/\/meteor-institut.ch\/website\/splash\/attachment\/splash-29-05-2013\/\" rel=\"attachment wp-att-1426\"><img loading=\"lazy\" class=\"alignleft size-medium wp-image-1426\" alt=\"Splash 29.05.2013\" src=\"http:\/\/meteor-institut.ch\/website\/wp-content\/uploads\/2012\/11\/Splash-29.05.2013-249x300.jpg\" width=\"249\" height=\"300\" srcset=\"http:\/\/meteor-institut.ch\/website\/wp-content\/uploads\/2012\/11\/Splash-29.05.2013-249x300.jpg 249w, http:\/\/meteor-institut.ch\/website\/wp-content\/uploads\/2012\/11\/Splash-29.05.2013.jpg 718w\" sizes=\"(max-width: 249px) 100vw, 249px\" \/><\/a><\/p>\n<p>&nbsp;<\/p>\n<p>&nbsp;<\/p>\n<p>&nbsp;<\/p>\n<p>&nbsp;<\/p>\n<p>&nbsp;<\/p>\n<p>&nbsp;<\/p>\n<p>&nbsp;<\/p>\n<p>&nbsp;<\/p>\n<p>&nbsp;<\/p>\n<p><a href=\"http:\/\/meteor-institut.ch\/website\/splash\/attachment\/splash-5-06-2013\/\" rel=\"attachment wp-att-1437\"><img loading=\"lazy\" class=\"alignleft size-medium wp-image-1437\" alt=\"Splash 5.06.2013\" src=\"http:\/\/meteor-institut.ch\/website\/wp-content\/uploads\/2012\/11\/Splash-5.06.2013-249x300.jpg\" width=\"249\" height=\"300\" srcset=\"http:\/\/meteor-institut.ch\/website\/wp-content\/uploads\/2012\/11\/Splash-5.06.2013-249x300.jpg 249w, http:\/\/meteor-institut.ch\/website\/wp-content\/uploads\/2012\/11\/Splash-5.06.2013.jpg 718w\" sizes=\"(max-width: 249px) 100vw, 249px\" \/><\/a><a href=\"http:\/\/meteor-institut.ch\/website\/splash\/attachment\/splash-13-06-2013-png\/\" rel=\"attachment wp-att-1440\"><img loading=\"lazy\" class=\"alignleft size-medium wp-image-1440\" alt=\"Splash 13.06.2013.png\" src=\"http:\/\/meteor-institut.ch\/website\/wp-content\/uploads\/2012\/11\/Splash-13.06.2013.png-249x300.jpg\" width=\"249\" height=\"300\" srcset=\"http:\/\/meteor-institut.ch\/website\/wp-content\/uploads\/2012\/11\/Splash-13.06.2013.png-249x300.jpg 249w, http:\/\/meteor-institut.ch\/website\/wp-content\/uploads\/2012\/11\/Splash-13.06.2013.png.jpg 718w\" sizes=\"(max-width: 249px) 100vw, 249px\" \/><\/a><a href=\"http:\/\/meteor-institut.ch\/website\/splash\/attachment\/splash-20-06-2013\/\" rel=\"attachment wp-att-1462\"><img loading=\"lazy\" class=\"alignleft size-medium wp-image-1462\" alt=\"Splash 20.06.2013\" src=\"http:\/\/meteor-institut.ch\/website\/wp-content\/uploads\/2012\/11\/Splash-20.06.2013-249x300.jpg\" width=\"249\" height=\"300\" srcset=\"http:\/\/meteor-institut.ch\/website\/wp-content\/uploads\/2012\/11\/Splash-20.06.2013-249x300.jpg 249w, http:\/\/meteor-institut.ch\/website\/wp-content\/uploads\/2012\/11\/Splash-20.06.2013.jpg 718w\" sizes=\"(max-width: 249px) 100vw, 249px\" \/><\/a><a href=\"http:\/\/meteor-institut.ch\/website\/splash\/attachment\/splash-markom-challenge-25-06-2013\/\" rel=\"attachment wp-att-1464\"><img loading=\"lazy\" class=\"alignleft size-medium wp-image-1464\" alt=\"Splash Markom Challenge 25.06.2013\" src=\"http:\/\/meteor-institut.ch\/website\/wp-content\/uploads\/2012\/11\/Splash-Markom-Challenge-25.06.2013-249x300.jpg\" width=\"249\" height=\"300\" srcset=\"http:\/\/meteor-institut.ch\/website\/wp-content\/uploads\/2012\/11\/Splash-Markom-Challenge-25.06.2013-249x300.jpg 249w, http:\/\/meteor-institut.ch\/website\/wp-content\/uploads\/2012\/11\/Splash-Markom-Challenge-25.06.2013.jpg 718w\" sizes=\"(max-width: 249px) 100vw, 249px\" \/><\/a><a href=\"http:\/\/meteor-institut.ch\/website\/splash\/attachment\/splash-26-06-2013\/\" rel=\"attachment wp-att-1466\"><img loading=\"lazy\" class=\"alignleft size-medium wp-image-1466\" alt=\"Splash 26.06.2013\" src=\"http:\/\/meteor-institut.ch\/website\/wp-content\/uploads\/2012\/11\/Splash-26.06.2013-249x300.jpg\" width=\"249\" height=\"300\" srcset=\"http:\/\/meteor-institut.ch\/website\/wp-content\/uploads\/2012\/11\/Splash-26.06.2013-249x300.jpg 249w, http:\/\/meteor-institut.ch\/website\/wp-content\/uploads\/2012\/11\/Splash-26.06.2013.jpg 718w\" sizes=\"(max-width: 249px) 100vw, 249px\" \/><\/a><\/p>\n<p>&nbsp;<\/p>\n<p>&nbsp;<\/p>\n<p>&nbsp;<\/p>\n<p>&nbsp;<\/p>\n<p>&nbsp;<\/p>\n<p>&nbsp;<\/p>\n<p>&nbsp;<\/p>\n<p>&nbsp;<\/p>\n<p>&nbsp;<\/p>\n<p><a href=\"http:\/\/meteor-institut.ch\/website\/splash\/attachment\/27-08-2013-splash\/\" rel=\"attachment wp-att-1630\"><img loading=\"lazy\" class=\"alignleft size-medium wp-image-1630\" alt=\"27.08.2013 Splash\" src=\"http:\/\/meteor-institut.ch\/website\/wp-content\/uploads\/2012\/11\/27.08.2013-Splash-249x300.jpg\" width=\"249\" height=\"300\" srcset=\"http:\/\/meteor-institut.ch\/website\/wp-content\/uploads\/2012\/11\/27.08.2013-Splash-249x300.jpg 249w, http:\/\/meteor-institut.ch\/website\/wp-content\/uploads\/2012\/11\/27.08.2013-Splash.jpg 718w\" sizes=\"(max-width: 249px) 100vw, 249px\" \/><\/a><a href=\"http:\/\/meteor-institut.ch\/website\/splash\/attachment\/3-09-2013-splash-projektstrukturplan\/\" rel=\"attachment wp-att-1665\"><img loading=\"lazy\" class=\"alignleft size-medium wp-image-1665\" alt=\"3.09.2013 Splash - Projektstrukturplan\" src=\"http:\/\/meteor-institut.ch\/website\/wp-content\/uploads\/2012\/11\/3.09.2013-Splash-Projektstrukturplan-249x300.jpg\" width=\"249\" height=\"300\" srcset=\"http:\/\/meteor-institut.ch\/website\/wp-content\/uploads\/2012\/11\/3.09.2013-Splash-Projektstrukturplan-249x300.jpg 249w, http:\/\/meteor-institut.ch\/website\/wp-content\/uploads\/2012\/11\/3.09.2013-Splash-Projektstrukturplan.jpg 718w\" sizes=\"(max-width: 249px) 100vw, 249px\" \/><\/a><a href=\"http:\/\/meteor-institut.ch\/website\/splash\/attachment\/splash-4-11-2013\/\" rel=\"attachment wp-att-1695\"><img loading=\"lazy\" class=\"size-medium wp-image-1695 alignleft\" alt=\"Splash 4.11.2013\" src=\"http:\/\/meteor-institut.ch\/website\/wp-content\/uploads\/2012\/11\/Splash-4.11.2013-249x300.jpg\" width=\"249\" height=\"300\" srcset=\"http:\/\/meteor-institut.ch\/website\/wp-content\/uploads\/2012\/11\/Splash-4.11.2013-249x300.jpg 249w, http:\/\/meteor-institut.ch\/website\/wp-content\/uploads\/2012\/11\/Splash-4.11.2013.jpg 718w\" sizes=\"(max-width: 249px) 100vw, 249px\" \/><\/a><a href=\"http:\/\/meteor-institut.ch\/website\/splash\/attachment\/splash-18-12-2013\/\" rel=\"attachment wp-att-1911\"><img loading=\"lazy\" class=\"alignleft size-medium wp-image-1911\" alt=\"Splash 18.12.2013\" src=\"http:\/\/meteor-institut.ch\/website\/wp-content\/uploads\/2012\/11\/Splash-18.12.2013-249x300.jpg\" width=\"249\" height=\"300\" srcset=\"http:\/\/meteor-institut.ch\/website\/wp-content\/uploads\/2012\/11\/Splash-18.12.2013-249x300.jpg 249w, http:\/\/meteor-institut.ch\/website\/wp-content\/uploads\/2012\/11\/Splash-18.12.2013.jpg 718w\" sizes=\"(max-width: 249px) 100vw, 249px\" \/><\/a><a href=\"http:\/\/meteor-institut.ch\/website\/splash\/attachment\/21-01-2014-splash\/\" rel=\"attachment wp-att-1914\"><img loading=\"lazy\" class=\"alignleft size-medium wp-image-1914\" alt=\"21.01.2014 Splash\" src=\"http:\/\/meteor-institut.ch\/website\/wp-content\/uploads\/2012\/11\/21.01.2014-Splash-249x300.jpg\" width=\"249\" height=\"300\" srcset=\"http:\/\/meteor-institut.ch\/website\/wp-content\/uploads\/2012\/11\/21.01.2014-Splash-249x300.jpg 249w, http:\/\/meteor-institut.ch\/website\/wp-content\/uploads\/2012\/11\/21.01.2014-Splash.jpg 718w\" sizes=\"(max-width: 249px) 100vw, 249px\" \/><\/a><a href=\"http:\/\/meteor-institut.ch\/website\/splash\/attachment\/hfwb3fb1_splash-23-10-2014\/\" rel=\"attachment wp-att-2534\"><img loading=\"lazy\" class=\"alignleft size-medium wp-image-2534\" alt=\"hfwb3fb1_Splash 23.10.2014\" src=\"http:\/\/meteor-institut.ch\/website\/wp-content\/uploads\/2012\/11\/hfwb3fb1_Splash-23.10.2014-249x300.jpg\" width=\"249\" height=\"300\" srcset=\"http:\/\/meteor-institut.ch\/website\/wp-content\/uploads\/2012\/11\/hfwb3fb1_Splash-23.10.2014-249x300.jpg 249w, http:\/\/meteor-institut.ch\/website\/wp-content\/uploads\/2012\/11\/hfwb3fb1_Splash-23.10.2014-849x1024.jpg 849w, http:\/\/meteor-institut.ch\/website\/wp-content\/uploads\/2012\/11\/hfwb3fb1_Splash-23.10.2014.jpg 1436w\" sizes=\"(max-width: 249px) 100vw, 249px\" \/><\/a><\/p>\n<p>&nbsp;<\/p>\n<p>&nbsp;<\/p>\n<p>&nbsp;<\/p>\n<p>&nbsp;<\/p>\n<p>&nbsp;<\/p>\n<p>&nbsp;<\/p>\n<p>&nbsp;<\/p>\n<p>&nbsp;<\/p>\n<p>&nbsp;<\/p>\n<p>&nbsp;<\/p>\n<p>&nbsp;<\/p>\n<p>&nbsp;<\/p>\n<p>&nbsp;<\/p>\n<p>&nbsp;<\/p>\n<p>&nbsp;<\/p>\n<p>&nbsp;<\/p>\n<p>&nbsp;<\/p>\n<p>&nbsp;<\/p>\n<p>&nbsp;<\/p>\n<p>&nbsp;<\/p>\n<p>&nbsp;<\/p>\n<p>&nbsp;<\/p>\n<p>&nbsp;<\/p>\n<p>&nbsp;<\/p>\n<p>&nbsp;<\/p>\n<p>&nbsp;<\/p>\n<p>&nbsp;<\/p>\n<p>&nbsp;<\/p>\n<p>&nbsp;<\/p>\n<p>&nbsp;<\/p>\n<p>&nbsp;<\/p>\n<p>&nbsp;<\/p>\n<p>&nbsp;<\/p>\n<p>&nbsp;<\/p>\n<p>&nbsp;<\/p>\n<p>&nbsp;<\/p>\n<p>&nbsp;<\/p>\n<p>&nbsp;<\/p>\n<p>&nbsp;<\/p>\n<p>&nbsp;<\/p>\n<p>&nbsp;<\/p>\n<p>&nbsp;<\/p>\n<p>&nbsp;<\/p>\n<p>&nbsp;<\/p>\n<p>&nbsp;<\/p>\n<p>&nbsp;<\/p>\n<p>&nbsp;<\/p>\n<p>&nbsp;<\/p>\n<p>&nbsp;<\/p>\n<p>&nbsp;<\/p>\n<p>&nbsp;<\/p>\n<p>&nbsp;<\/p>\n<p>&nbsp;<\/p>\n<p>&nbsp;<\/p>\n<p>&nbsp;<\/p>\n<p>&nbsp;<\/p>\n<p>&nbsp;<\/p>\n<p>&nbsp;<\/p>\n<p>&nbsp;<\/p>\n<p>&nbsp;<\/p>\n<p>&nbsp;<\/p>\n<p>&nbsp;<\/p>\n<p>&nbsp;<\/p>\n<p>&nbsp;<\/p>\n<p>&nbsp;<\/p>\n<p>&nbsp;<\/p>\n<p>&nbsp;<\/p>\n<p>&nbsp;<\/p>\n<p>&nbsp;<\/p>\n<p>&nbsp;<\/p>\n<p>&nbsp;<\/p>\n<p>&nbsp;<\/p>\n<p>&nbsp;<\/p>\n","protected":false},"excerpt":{"rendered":"<p>Splash. Informationen f\u00fcr Studierende in Pocket Form. &nbsp; Zitronenspritzer? Ja, du hast richtig gelesen. Mit Felix Murbach Marketing erh\u00e4ltst du das n\u00f6tige R\u00fcstzeug f\u00fcr deine berufliche Weiterbildung und Karriereplanung. Dazu geh\u00f6rt auch eine individuelle und innovative Gestaltung der Kurse und Seminare. Die Studierenden erhalten mit &#8222;Splash&#8220; die wichtigsten Informationen, Schaubilder oder Fotos des vergangenen Unterrichtes [&hellip;]<\/p>\n","protected":false},"author":2,"featured_media":2061,"parent":0,"menu_order":0,"comment_status":"open","ping_status":"open","template":"page-template-full.php","meta":[],"_links":{"self":[{"href":"http:\/\/meteor-institut.ch\/website\/wp-json\/wp\/v2\/pages\/999"}],"collection":[{"href":"http:\/\/meteor-institut.ch\/website\/wp-json\/wp\/v2\/pages"}],"about":[{"href":"http:\/\/meteor-institut.ch\/website\/wp-json\/wp\/v2\/types\/page"}],"author":[{"embeddable":true,"href":"http:\/\/meteor-institut.ch\/website\/wp-json\/wp\/v2\/users\/2"}],"replies":[{"embeddable":true,"href":"http:\/\/meteor-institut.ch\/website\/wp-json\/wp\/v2\/comments?post=999"}],"version-history":[{"count":105,"href":"http:\/\/meteor-institut.ch\/website\/wp-json\/wp\/v2\/pages\/999\/revisions"}],"predecessor-version":[{"id":3050,"href":"http:\/\/meteor-institut.ch\/website\/wp-json\/wp\/v2\/pages\/999\/revisions\/3050"}],"wp:featuredmedia":[{"embeddable":true,"href":"http:\/\/meteor-institut.ch\/website\/wp-json\/wp\/v2\/media\/2061"}],"wp:attachment":[{"href":"http:\/\/meteor-institut.ch\/website\/wp-json\/wp\/v2\/media?parent=999"}],"curies":[{"name":"wp","href":"https:\/\/api.w.org\/{rel}","templated":true}]}}